{"id":1448,"date":"2022-08-25T13:27:00","date_gmt":"2022-08-25T13:27:00","guid":{"rendered":"https:\/\/www.fabularium-berlin.de\/home\/"},"modified":"2024-11-14T10:06:44","modified_gmt":"2024-11-14T09:06:44","slug":"home","status":"publish","type":"page","link":"https:\/\/www.fabularium-berlin.de\/de\/","title":{"rendered":"Homeseite"},"content":{"rendered":"<div data-elementor-type=\"wp-page\" data-elementor-id=\"1448\" class=\"elementor elementor-1448\">\n\t\t\t\t\t\t<section class=\"elementor-section elementor-top-section elementor-element elementor-element-0a002a8 elementor-section-height-min-height elementor-section-items-top elementor-section-boxed elementor-section-height-default\" data-id=\"0a002a8\" data-element_type=\"section\" data-e-type=\"section\" data-settings=\"{&quot;background_background&quot;:&quot;classic&quot;}\">\n\t\t\t\t\t\t\t<div class=\"elementor-background-overlay\"><\/div>\n\t\t\t\t\t\t\t<div class=\"elementor-container elementor-column-gap-default\">\n\t\t\t\t\t<div class=\"elementor-column elementor-col-100 elementor-top-column elementor-element elementor-element-8d46742\" data-id=\"8d46742\" data-element_type=\"column\" data-e-type=\"column\">\n\t\t\t<div class=\"elementor-widget-wrap elementor-element-populated\">\n\t\t\t\t\t\t<div class=\"elementor-element elementor-element-7876f5c elementor-widget elementor-widget-spacer\" data-id=\"7876f5c\" data-element_type=\"widget\" data-e-type=\"widget\" data-widget_type=\"spacer.default\">\n\t\t\t\t<div class=\"elementor-widget-container\">\n\t\t\t\t\t\t\t<div class=\"elementor-spacer\">\n\t\t\t<div class=\"elementor-spacer-inner\"><\/div>\n\t\t<\/div>\n\t\t\t\t\t\t<\/div>\n\t\t\t\t<\/div>\n\t\t\t\t<div class=\"elementor-element elementor-element-1e84c46 elementor-widget elementor-widget-image\" data-id=\"1e84c46\" data-element_type=\"widget\" data-e-type=\"widget\" data-widget_type=\"image.default\">\n\t\t\t\t<div class=\"elementor-widget-container\">\n\t\t\t\t\t\t\t\t\t\t\t\t\t\t\t<img fetchpriority=\"high\" decoding=\"async\" width=\"1074\" height=\"682\" src=\"https:\/\/www.fabularium-berlin.de\/wp-content\/uploads\/2022\/12\/Logo_Fabularium.png\" class=\"attachment-full size-full wp-image-1881\" alt=\"\" srcset=\"https:\/\/www.fabularium-berlin.de\/wp-content\/uploads\/2022\/12\/Logo_Fabularium.png 1074w, https:\/\/www.fabularium-berlin.de\/wp-content\/uploads\/2022\/12\/Logo_Fabularium-300x191.png 300w, https:\/\/www.fabularium-berlin.de\/wp-content\/uploads\/2022\/12\/Logo_Fabularium-1024x650.png 1024w, https:\/\/www.fabularium-berlin.de\/wp-content\/uploads\/2022\/12\/Logo_Fabularium-768x488.png 768w, https:\/\/www.fabularium-berlin.de\/wp-content\/uploads\/2022\/12\/Logo_Fabularium-18x12.png 18w\" sizes=\"(max-width: 1074px) 100vw, 1074px\" \/>\t\t\t\t\t\t\t\t\t\t\t\t\t\t\t<\/div>\n\t\t\t\t<\/div>\n\t\t\t\t\t<\/div>\n\t\t<\/div>\n\t\t\t\t\t<\/div>\n\t\t<\/section>\n\t\t\t\t<section class=\"elementor-section elementor-top-section elementor-element elementor-element-6e2f681 elementor-section-height-min-height elementor-reverse-tablet elementor-reverse-mobile elementor-section-boxed elementor-section-height-default elementor-section-items-middle\" data-id=\"6e2f681\" data-element_type=\"section\" data-e-type=\"section\" data-settings=\"{&quot;background_background&quot;:&quot;classic&quot;}\">\n\t\t\t\t\t\t<div class=\"elementor-container elementor-column-gap-wide\">\n\t\t\t\t\t<div class=\"elementor-column elementor-col-50 elementor-top-column elementor-element elementor-element-e8c6ac4\" data-id=\"e8c6ac4\" data-element_type=\"column\" data-e-type=\"column\">\n\t\t\t<div class=\"elementor-widget-wrap elementor-element-populated\">\n\t\t\t\t\t\t<div class=\"elementor-element elementor-element-dfec25a elementor-widget elementor-widget-heading\" data-id=\"dfec25a\" data-element_type=\"widget\" data-e-type=\"widget\" data-widget_type=\"heading.default\">\n\t\t\t\t<div class=\"elementor-widget-container\">\n\t\t\t\t\t<h2 class=\"elementor-heading-title elementor-size-default\">Wer sind wir<\/h2>\t\t\t\t<\/div>\n\t\t\t\t<\/div>\n\t\t\t\t<div class=\"elementor-element elementor-element-b9d0bf1 elementor-widget elementor-widget-text-editor\" data-id=\"b9d0bf1\" data-element_type=\"widget\" data-e-type=\"widget\" data-widget_type=\"text-editor.default\">\n\t\t\t\t<div class=\"elementor-widget-container\">\n\t\t\t\t\t\t\t\t\tFabularium wurde im Jahr 2020 als Kulturverein f\u00fcr tschechischsprachige Kinder in Deutschland gegr\u00fcndet. Unsere Aufgabe ist es, die tschechische Sprache und die k\u00fcnstlerischen F\u00e4higkeiten von Kindern zu erhalten und zu entwickeln und eine Vielzahl von kulturellen und wissenschaftlichen Aktivit\u00e4ten anzubieten.\t\t\t\t\t\t\t\t<\/div>\n\t\t\t\t<\/div>\n\t\t\t\t<div class=\"elementor-element elementor-element-9897053 elementor-mobile-align-center elementor-widget elementor-widget-button\" data-id=\"9897053\" data-element_type=\"widget\" data-e-type=\"widget\" data-widget_type=\"button.default\">\n\t\t\t\t<div class=\"elementor-widget-container\">\n\t\t\t\t\t\t\t\t\t<div class=\"elementor-button-wrapper\">\n\t\t\t\t\t<a class=\"elementor-button elementor-button-link elementor-size-sm\" href=\"https:\/\/www.fabularium-berlin.de\/de\/about\/\">\n\t\t\t\t\t\t<span class=\"elementor-button-content-wrapper\">\n\t\t\t\t\t\t\t\t\t<span class=\"elementor-button-text\">Mehr \u00fcber uns<\/span>\n\t\t\t\t\t<\/span>\n\t\t\t\t\t<\/a>\n\t\t\t\t<\/div>\n\t\t\t\t\t\t\t\t<\/div>\n\t\t\t\t<\/div>\n\t\t\t\t\t<\/div>\n\t\t<\/div>\n\t\t\t\t<div class=\"elementor-column elementor-col-50 elementor-top-column elementor-element elementor-element-2851bf7\" data-id=\"2851bf7\" data-element_type=\"column\" data-e-type=\"column\">\n\t\t\t<div class=\"elementor-widget-wrap elementor-element-populated\">\n\t\t\t\t\t\t<div class=\"elementor-element elementor-element-e3897f4 elementor-widget elementor-widget-image\" data-id=\"e3897f4\" data-element_type=\"widget\" data-e-type=\"widget\" data-widget_type=\"image.default\">\n\t\t\t\t<div class=\"elementor-widget-container\">\n\t\t\t\t\t\t\t\t\t\t\t\t\t\t\t<img decoding=\"async\" width=\"960\" height=\"540\" src=\"https:\/\/www.fabularium-berlin.de\/wp-content\/uploads\/2023\/01\/frame-00004.gif\" class=\"attachment-large size-large wp-image-2679\" alt=\"\" \/>\t\t\t\t\t\t\t\t\t\t\t\t\t\t\t<\/div>\n\t\t\t\t<\/div>\n\t\t\t\t\t<\/div>\n\t\t<\/div>\n\t\t\t\t\t<\/div>\n\t\t<\/section>\n\t\t\t\t<section class=\"elementor-section elementor-top-section elementor-element elementor-element-5ca4130 elementor-section-height-min-height elementor-section-boxed elementor-section-height-default elementor-section-items-middle\" data-id=\"5ca4130\" data-element_type=\"section\" data-e-type=\"section\" data-settings=\"{&quot;background_background&quot;:&quot;classic&quot;}\">\n\t\t\t\t\t\t<div class=\"elementor-container elementor-column-gap-default\">\n\t\t\t\t\t<div class=\"elementor-column elementor-col-100 elementor-top-column elementor-element elementor-element-1f2ce62\" data-id=\"1f2ce62\" data-element_type=\"column\" data-e-type=\"column\">\n\t\t\t<div class=\"elementor-widget-wrap elementor-element-populated\">\n\t\t\t\t\t\t<div class=\"elementor-element elementor-element-d36dd64 elementor-widget elementor-widget-heading\" data-id=\"d36dd64\" data-element_type=\"widget\" data-e-type=\"widget\" data-widget_type=\"heading.default\">\n\t\t\t\t<div class=\"elementor-widget-container\">\n\t\t\t\t\t<h2 class=\"elementor-heading-title elementor-size-default\">VERANSTALTUNGEN<\/h2>\t\t\t\t<\/div>\n\t\t\t\t<\/div>\n\t\t\t\t<div class=\"elementor-element elementor-element-5939dce elementor-widget elementor-widget-shortcode\" data-id=\"5939dce\" data-element_type=\"widget\" data-e-type=\"widget\" data-widget_type=\"shortcode.default\">\n\t\t\t\t<div class=\"elementor-widget-container\">\n\t\t\t\t\t\t\t<div class=\"elementor-shortcode\"><div class=\"posts\"><div class=\"post\"><a href=\"https:\/\/www.fabularium-berlin.de\/de\/divadelni-noc-v-knihovne\/2026\/03\/21\/\"><img decoding=\"async\" src=\"https:\/\/www.fabularium-berlin.de\/wp-content\/uploads\/2026\/03\/divadelni-noc-2.jpg\" class=\"thumb\"><\/a><a href=\"https:\/\/www.fabularium-berlin.de\/de\/divadelni-noc-v-knihovne\/2026\/03\/21\/\"><div class=\"title\"><h4>Divadeln\u00ed noc v knihovn\u011b<\/h4><\/div><\/a><a href=\"https:\/\/www.fabularium-berlin.de\/de\/divadelni-noc-v-knihovne\/2026\/03\/21\/\"><div class=\"excerpt\"><p>P\u0159ij\u010f si vyzkou\u0161et divadeln\u00ed improvizaci v part\u011b kamar\u00e1d\u016f a p\u0159espat p\u0159\u00edmo mezi reg\u00e1ly knihovny v Berl\u00edn\u011b. B\u011bhem workshopu t\u011b \u010dekaj\u00ed hereck\u00e9 hry, improviza\u010dn\u00ed sc\u00e9nky i tvorba vlastn\u00edch postav. Akce pro v\u0161echny od 10 let se kon\u00e1 8.\u20139. kv\u011btna pod veden\u00edm zku\u0161en\u00fdch lektor\u016f a herc\u016f Laury Levko a Pavla \u0160indel\u00e1\u0159e.Kdo t\u011b workshopem provede?\u2022 Laura Levko \u2013...<\/p><\/div><\/a><a href=\"https:\/\/www.fabularium-berlin.de\/de\/divadelni-noc-v-knihovne\/2026\/03\/21\/\"><div class=\"read_more\"><p>weiterlesen<\/p><\/div><\/a><\/div><div class=\"post\"><a href=\"https:\/\/www.fabularium-berlin.de\/de\/noc-s-andersenem-2026\/2026\/03\/21\/\"><img decoding=\"async\" src=\"https:\/\/www.fabularium-berlin.de\/wp-content\/uploads\/2026\/03\/noc-s-andersenem-2026-1.jpg\" class=\"thumb\"><\/a><a href=\"https:\/\/www.fabularium-berlin.de\/de\/noc-s-andersenem-2026\/2026\/03\/21\/\"><div class=\"title\"><h4>Noc s Andersenem 2026<\/h4><\/div><\/a><a href=\"https:\/\/www.fabularium-berlin.de\/de\/noc-s-andersenem-2026\/2026\/03\/21\/\"><div class=\"excerpt\"><p>Po roce se op\u011bt potk\u00e1me na no\u010dn\u00edm dobrodru\u017estv\u00ed v knihovn\u011b! Leto\u0161n\u00ed Noc s Andersenem prob\u011bhne\u00a025.\u201326. dubna a bude po\u0159\u00e1dn\u011b nap\u00ednav\u00e1! D\u011bti \u010dek\u00e1 detektivn\u00ed \u00fakol z doby Karla IV. Spole\u010dn\u011b s detektivem Vroubkem otev\u0159eme star\u00fd kr\u00e1lovsk\u00fd spis a budeme hledat zmizel\u00fd kl\u00ed\u010d od tajn\u00e9 komnaty. Jako spr\u00e1vn\u00fd vy\u0161et\u0159ovac\u00ed t\u00fdm budeme \u0159e\u0161it h\u00e1danky, sledovat stopy a odhalovat...<\/p><\/div><\/a><a href=\"https:\/\/www.fabularium-berlin.de\/de\/noc-s-andersenem-2026\/2026\/03\/21\/\"><div class=\"read_more\"><p>weiterlesen<\/p><\/div><\/a><\/div><div class=\"post\"><a href=\"https:\/\/www.fabularium-berlin.de\/de\/masopust-2026\/2026\/01\/03\/\"><img decoding=\"async\" src=\"https:\/\/www.fabularium-berlin.de\/wp-content\/uploads\/2026\/01\/masopust-2-scaled.jpg\" class=\"thumb\"><\/a><a href=\"https:\/\/www.fabularium-berlin.de\/de\/masopust-2026\/2026\/01\/03\/\"><div class=\"title\"><h4>Masopust 2026<\/h4><\/div><\/a><a href=\"https:\/\/www.fabularium-berlin.de\/de\/masopust-2026\/2026\/01\/03\/\"><div class=\"excerpt\"><p>Srde\u010dn\u011b v\u00e1s zveme na tradi\u010dn\u00ed masopustn\u00ed pr\u016fvod a odpoledne pln\u00e9 z\u00e1bavy pro d\u011bti i dosp\u011bl\u00e9. P\u0159ij\u010fte si s n\u00e1mi u\u017e\u00edt milou atmosf\u00e9ru s ostatn\u00edmi \u010desk\u00fdmi krajany a oslavit konec zimy!Kdy: 14. 2. 2026Sraz: 15:30 p\u0159ed kav\u00e1rnou Nonna (p\u0159ij\u010fte u\u017e v mask\u00e1ch!)Na co se m\u016f\u017eete t\u011b\u0161it?\u2022 Spole\u010dn\u00fd pr\u016fvod: Ma\u0161karn\u00ed cesta do Leiseparku.\u2022 Program v parku: Hry...<\/p><\/div><\/a><a href=\"https:\/\/www.fabularium-berlin.de\/de\/masopust-2026\/2026\/01\/03\/\"><div class=\"read_more\"><p>weiterlesen<\/p><\/div><\/a><\/div><\/div> <\/div>\n\t\t\t\t\t\t<\/div>\n\t\t\t\t<\/div>\n\t\t\t\t<div class=\"elementor-element elementor-element-e5b1b77 elementor-align-center elementor-widget elementor-widget-button\" data-id=\"e5b1b77\" data-element_type=\"widget\" data-e-type=\"widget\" data-widget_type=\"button.default\">\n\t\t\t\t<div class=\"elementor-widget-container\">\n\t\t\t\t\t\t\t\t\t<div class=\"elementor-button-wrapper\">\n\t\t\t\t\t<a class=\"elementor-button elementor-button-link elementor-size-sm\" href=\"https:\/\/www.fabularium-berlin.de\/de\/akce-2\/\">\n\t\t\t\t\t\t<span class=\"elementor-button-content-wrapper\">\n\t\t\t\t\t\t\t\t\t<span class=\"elementor-button-text\">weitere Veranstaltungen<\/span>\n\t\t\t\t\t<\/span>\n\t\t\t\t\t<\/a>\n\t\t\t\t<\/div>\n\t\t\t\t\t\t\t\t<\/div>\n\t\t\t\t<\/div>\n\t\t\t\t\t<\/div>\n\t\t<\/div>\n\t\t\t\t\t<\/div>\n\t\t<\/section>\n\t\t\t\t<section class=\"elementor-section elementor-top-section elementor-element elementor-element-be8b1b9 elementor-section-height-min-height elementor-section-boxed elementor-section-height-default elementor-section-items-middle\" data-id=\"be8b1b9\" data-element_type=\"section\" data-e-type=\"section\" data-settings=\"{&quot;background_background&quot;:&quot;classic&quot;}\">\n\t\t\t\t\t\t\t<div class=\"elementor-background-overlay\"><\/div>\n\t\t\t\t\t\t\t<div class=\"elementor-container elementor-column-gap-default\">\n\t\t\t\t\t<div class=\"elementor-column elementor-col-100 elementor-top-column elementor-element elementor-element-a45eb33\" data-id=\"a45eb33\" data-element_type=\"column\" data-e-type=\"column\" data-settings=\"{&quot;background_background&quot;:&quot;classic&quot;}\">\n\t\t\t<div class=\"elementor-widget-wrap elementor-element-populated\">\n\t\t\t\t\t\t<div class=\"elementor-element elementor-element-ed4759e elementor-widget elementor-widget-heading\" data-id=\"ed4759e\" data-element_type=\"widget\" data-e-type=\"widget\" data-widget_type=\"heading.default\">\n\t\t\t\t<div class=\"elementor-widget-container\">\n\t\t\t\t\t<h2 class=\"elementor-heading-title elementor-size-default\">Workshops<\/h2>\t\t\t\t<\/div>\n\t\t\t\t<\/div>\n\t\t\t\t<div class=\"elementor-element elementor-element-c4f7b91 elementor-widget elementor-widget-text-editor\" data-id=\"c4f7b91\" data-element_type=\"widget\" data-e-type=\"widget\" data-widget_type=\"text-editor.default\">\n\t\t\t\t<div class=\"elementor-widget-container\">\n\t\t\t\t\t\t\t\t\t<p><span style=\"color: #000000;\"><span style=\"font-family: DejaVu Sans, sans-serif;\">Die k\u00fcnstlerische Leitung der\u00a0 ersten Workshops f\u00fcr Kinder\u00a0 und Jugendliche haben Nata\u0161a von Kopp (Filmemacherin und Fotografin), Eva Jamn\u00edkov\u00e1 (Geigerin und Musiklehrerin) und Dora Kapralov\u00e1 (Schriftstellerin und Journalistin) durchgef\u00fchrt. Weitere Werkst\u00e4tten sind in Planung. <\/span><\/span><\/p><p><span style=\"font-family: DejaVu Sans, sans-serif;\">\u00a0<\/span><\/p>\t\t\t\t\t\t\t\t<\/div>\n\t\t\t\t<\/div>\n\t\t\t\t<div class=\"elementor-element elementor-element-bbdc8f2 elementor-align-center elementor-widget elementor-widget-button\" data-id=\"bbdc8f2\" data-element_type=\"widget\" data-e-type=\"widget\" data-widget_type=\"button.default\">\n\t\t\t\t<div class=\"elementor-widget-container\">\n\t\t\t\t\t\t\t\t\t<div class=\"elementor-button-wrapper\">\n\t\t\t\t\t<a class=\"elementor-button elementor-button-link elementor-size-sm\" href=\"https:\/\/www.fabularium-berlin.de\/de\/dilny\/\">\n\t\t\t\t\t\t<span class=\"elementor-button-content-wrapper\">\n\t\t\t\t\t\t\t\t\t<span class=\"elementor-button-text\">Mehr \u00fcber Workshops<\/span>\n\t\t\t\t\t<\/span>\n\t\t\t\t\t<\/a>\n\t\t\t\t<\/div>\n\t\t\t\t\t\t\t\t<\/div>\n\t\t\t\t<\/div>\n\t\t\t\t\t<\/div>\n\t\t<\/div>\n\t\t\t\t\t<\/div>\n\t\t<\/section>\n\t\t\t\t<section class=\"elementor-section elementor-top-section elementor-element elementor-element-d01ad4a elementor-section-height-min-height elementor-section-boxed elementor-section-height-default elementor-section-items-middle\" data-id=\"d01ad4a\" data-element_type=\"section\" data-e-type=\"section\" data-settings=\"{&quot;background_background&quot;:&quot;classic&quot;}\">\n\t\t\t\t\t\t<div class=\"elementor-container elementor-column-gap-default\">\n\t\t\t\t\t<div class=\"elementor-column elementor-col-100 elementor-top-column elementor-element elementor-element-88ceb8d\" data-id=\"88ceb8d\" data-element_type=\"column\" data-e-type=\"column\">\n\t\t\t<div class=\"elementor-widget-wrap elementor-element-populated\">\n\t\t\t\t\t\t<div class=\"elementor-element elementor-element-afa78ac elementor-widget elementor-widget-shortcode\" data-id=\"afa78ac\" data-element_type=\"widget\" data-e-type=\"widget\" data-widget_type=\"shortcode.default\">\n\t\t\t\t<div class=\"elementor-widget-container\">\n\t\t\t\t\t\t\t<div class=\"elementor-shortcode\"><div class=\"posts\"><div class=\"post\"><a href=\"https:\/\/www.fabularium-berlin.de\/de\/divadelni-noc-v-knihovne\/2026\/03\/21\/\"><img decoding=\"async\" src=\"https:\/\/www.fabularium-berlin.de\/wp-content\/uploads\/2026\/03\/divadelni-noc-2.jpg\" class=\"thumb\"><\/a><a href=\"https:\/\/www.fabularium-berlin.de\/de\/divadelni-noc-v-knihovne\/2026\/03\/21\/\"><div class=\"title\"><h4>Divadeln\u00ed noc v knihovn\u011b<\/h4><\/div><\/a><a href=\"https:\/\/www.fabularium-berlin.de\/de\/divadelni-noc-v-knihovne\/2026\/03\/21\/\"><div class=\"excerpt\"><p>P\u0159ij\u010f si vyzkou\u0161et divadeln\u00ed improvizaci v part\u011b kamar\u00e1d\u016f a p\u0159espat p\u0159\u00edmo mezi reg\u00e1ly knihovny v Berl\u00edn\u011b. B\u011bhem workshopu t\u011b \u010dekaj\u00ed hereck\u00e9 hry, improviza\u010dn\u00ed sc\u00e9nky i tvorba vlastn\u00edch postav. Akce pro v\u0161echny od 10 let se kon\u00e1 8.\u20139. kv\u011btna pod veden\u00edm zku\u0161en\u00fdch lektor\u016f a herc\u016f Laury Levko a Pavla \u0160indel\u00e1\u0159e.Kdo t\u011b workshopem provede?\u2022 Laura Levko \u2013...<\/p><\/div><\/a><a href=\"https:\/\/www.fabularium-berlin.de\/de\/divadelni-noc-v-knihovne\/2026\/03\/21\/\"><div class=\"read_more\"><p>weiterlesen<\/p><\/div><\/a><\/div><div class=\"post\"><a href=\"https:\/\/www.fabularium-berlin.de\/de\/noc-s-andersenem-2026\/2026\/03\/21\/\"><img decoding=\"async\" src=\"https:\/\/www.fabularium-berlin.de\/wp-content\/uploads\/2026\/03\/noc-s-andersenem-2026-1.jpg\" class=\"thumb\"><\/a><a href=\"https:\/\/www.fabularium-berlin.de\/de\/noc-s-andersenem-2026\/2026\/03\/21\/\"><div class=\"title\"><h4>Noc s Andersenem 2026<\/h4><\/div><\/a><a href=\"https:\/\/www.fabularium-berlin.de\/de\/noc-s-andersenem-2026\/2026\/03\/21\/\"><div class=\"excerpt\"><p>Po roce se op\u011bt potk\u00e1me na no\u010dn\u00edm dobrodru\u017estv\u00ed v knihovn\u011b! Leto\u0161n\u00ed Noc s Andersenem prob\u011bhne\u00a025.\u201326. dubna a bude po\u0159\u00e1dn\u011b nap\u00ednav\u00e1! D\u011bti \u010dek\u00e1 detektivn\u00ed \u00fakol z doby Karla IV. Spole\u010dn\u011b s detektivem Vroubkem otev\u0159eme star\u00fd kr\u00e1lovsk\u00fd spis a budeme hledat zmizel\u00fd kl\u00ed\u010d od tajn\u00e9 komnaty. Jako spr\u00e1vn\u00fd vy\u0161et\u0159ovac\u00ed t\u00fdm budeme \u0159e\u0161it h\u00e1danky, sledovat stopy a odhalovat...<\/p><\/div><\/a><a href=\"https:\/\/www.fabularium-berlin.de\/de\/noc-s-andersenem-2026\/2026\/03\/21\/\"><div class=\"read_more\"><p>weiterlesen<\/p><\/div><\/a><\/div><div class=\"post\"><a href=\"https:\/\/www.fabularium-berlin.de\/de\/masopust-2026\/2026\/01\/03\/\"><img decoding=\"async\" src=\"https:\/\/www.fabularium-berlin.de\/wp-content\/uploads\/2026\/01\/masopust-2-scaled.jpg\" class=\"thumb\"><\/a><a href=\"https:\/\/www.fabularium-berlin.de\/de\/masopust-2026\/2026\/01\/03\/\"><div class=\"title\"><h4>Masopust 2026<\/h4><\/div><\/a><a href=\"https:\/\/www.fabularium-berlin.de\/de\/masopust-2026\/2026\/01\/03\/\"><div class=\"excerpt\"><p>Srde\u010dn\u011b v\u00e1s zveme na tradi\u010dn\u00ed masopustn\u00ed pr\u016fvod a odpoledne pln\u00e9 z\u00e1bavy pro d\u011bti i dosp\u011bl\u00e9. P\u0159ij\u010fte si s n\u00e1mi u\u017e\u00edt milou atmosf\u00e9ru s ostatn\u00edmi \u010desk\u00fdmi krajany a oslavit konec zimy!Kdy: 14. 2. 2026Sraz: 15:30 p\u0159ed kav\u00e1rnou Nonna (p\u0159ij\u010fte u\u017e v mask\u00e1ch!)Na co se m\u016f\u017eete t\u011b\u0161it?\u2022 Spole\u010dn\u00fd pr\u016fvod: Ma\u0161karn\u00ed cesta do Leiseparku.\u2022 Program v parku: Hry...<\/p><\/div><\/a><a href=\"https:\/\/www.fabularium-berlin.de\/de\/masopust-2026\/2026\/01\/03\/\"><div class=\"read_more\"><p>weiterlesen<\/p><\/div><\/a><\/div><\/div> <\/div>\n\t\t\t\t\t\t<\/div>\n\t\t\t\t<\/div>\n\t\t\t\t<div class=\"elementor-element elementor-element-fcc2a70 elementor-align-center elementor-widget elementor-widget-button\" data-id=\"fcc2a70\" data-element_type=\"widget\" data-e-type=\"widget\" data-widget_type=\"button.default\">\n\t\t\t\t<div class=\"elementor-widget-container\">\n\t\t\t\t\t\t\t\t\t<div class=\"elementor-button-wrapper\">\n\t\t\t\t\t<a class=\"elementor-button elementor-button-link elementor-size-sm\" href=\"https:\/\/www.fabularium-berlin.de\/de\/dilny\/\">\n\t\t\t\t\t\t<span class=\"elementor-button-content-wrapper\">\n\t\t\t\t\t\t\t\t\t<span class=\"elementor-button-text\">weitere Workshops<\/span>\n\t\t\t\t\t<\/span>\n\t\t\t\t\t<\/a>\n\t\t\t\t<\/div>\n\t\t\t\t\t\t\t\t<\/div>\n\t\t\t\t<\/div>\n\t\t\t\t\t<\/div>\n\t\t<\/div>\n\t\t\t\t\t<\/div>\n\t\t<\/section>\n\t\t\t\t<section class=\"elementor-section elementor-top-section elementor-element elementor-element-6bde7e1 elementor-section-boxed elementor-section-height-default elementor-section-height-default\" data-id=\"6bde7e1\" data-element_type=\"section\" data-e-type=\"section\">\n\t\t\t\t\t\t<div class=\"elementor-container elementor-column-gap-default\">\n\t\t\t\t\t<div class=\"elementor-column elementor-col-100 elementor-top-column elementor-element elementor-element-77fa0fb\" data-id=\"77fa0fb\" data-element_type=\"column\" data-e-type=\"column\">\n\t\t\t<div class=\"elementor-widget-wrap\">\n\t\t\t\t\t\t\t<\/div>\n\t\t<\/div>\n\t\t\t\t\t<\/div>\n\t\t<\/section>\n\t\t\t\t<section class=\"elementor-section elementor-top-section elementor-element elementor-element-12ac502 elementor-section-height-min-height elementor-section-boxed elementor-section-height-default elementor-section-items-middle\" data-id=\"12ac502\" data-element_type=\"section\" data-e-type=\"section\" data-settings=\"{&quot;background_background&quot;:&quot;classic&quot;}\">\n\t\t\t\t\t\t\t<div class=\"elementor-background-overlay\"><\/div>\n\t\t\t\t\t\t\t<div class=\"elementor-container elementor-column-gap-default\">\n\t\t\t\t\t<div class=\"elementor-column elementor-col-100 elementor-top-column elementor-element elementor-element-ccb78d6\" data-id=\"ccb78d6\" data-element_type=\"column\" data-e-type=\"column\">\n\t\t\t<div class=\"elementor-widget-wrap elementor-element-populated\">\n\t\t\t\t\t\t<div class=\"elementor-element elementor-element-4a4a166 elementor-widget elementor-widget-heading\" data-id=\"4a4a166\" data-element_type=\"widget\" data-e-type=\"widget\" data-widget_type=\"heading.default\">\n\t\t\t\t<div class=\"elementor-widget-container\">\n\t\t\t\t\t<h2 class=\"elementor-heading-title elementor-size-default\">Zusammenarbeit<\/h2>\t\t\t\t<\/div>\n\t\t\t\t<\/div>\n\t\t\t\t<div class=\"elementor-element elementor-element-8b3278a elementor-widget elementor-widget-heading\" data-id=\"8b3278a\" data-element_type=\"widget\" data-e-type=\"widget\" data-widget_type=\"heading.default\">\n\t\t\t\t<div class=\"elementor-widget-container\">\n\t\t\t\t\t<h2 class=\"elementor-heading-title elementor-size-medium\">Wir danken unseren Kooperationspartnern und Sponsoren:<\/h2>\t\t\t\t<\/div>\n\t\t\t\t<\/div>\n\t\t\t\t<div class=\"elementor-element elementor-element-55114ae elementor-widget__width-initial elementor-widget elementor-widget-image\" data-id=\"55114ae\" data-element_type=\"widget\" data-e-type=\"widget\" data-widget_type=\"image.default\">\n\t\t\t\t<div class=\"elementor-widget-container\">\n\t\t\t\t\t\t\t\t\t\t\t\t\t\t\t\t<a href=\"https:\/\/kita-freche-fledermause-netopyrci.business.site\/\">\n\t\t\t\t\t\t\t<img decoding=\"async\" src=\"https:\/\/www.fabularium-berlin.de\/wp-content\/uploads\/elementor\/thumbs\/netopyrci-q2v4gy4nrqg3y59z675ba68916vypkfr9mnrs6ksc4.png\" title=\"netopyrci\" alt=\"netopyrci\" loading=\"lazy\" \/>\t\t\t\t\t\t\t\t<\/a>\n\t\t\t\t\t\t\t\t\t\t\t\t\t\t\t<\/div>\n\t\t\t\t<\/div>\n\t\t\t\t<div class=\"elementor-element elementor-element-20ab181 elementor-widget__width-initial elementor-widget elementor-widget-image\" data-id=\"20ab181\" data-element_type=\"widget\" data-e-type=\"widget\" data-widget_type=\"image.default\">\n\t\t\t\t<div class=\"elementor-widget-container\">\n\t\t\t\t\t\t\t\t\t\t\t\t\t\t\t\t<a href=\"https:\/\/www.mzv.cz\/jnp\/cz\/index.html\">\n\t\t\t\t\t\t\t<img decoding=\"async\" src=\"https:\/\/www.fabularium-berlin.de\/wp-content\/uploads\/elementor\/thumbs\/Ministerstvo_Zahr_Veci_logo-1024x209-2857967157-q2v3s562f09zuiuq1gt0cm5hxx5yhc08c1mbtdq82g.jpg\" title=\"Ministerstvo_Zahr_Veci_logo-1024&#215;209-2857967157\" alt=\"Ministerstvo_Zahr_Veci_logo-1024x209-2857967157\" loading=\"lazy\" \/>\t\t\t\t\t\t\t\t<\/a>\n\t\t\t\t\t\t\t\t\t\t\t\t\t\t\t<\/div>\n\t\t\t\t<\/div>\n\t\t\t\t<div class=\"elementor-element elementor-element-1d6dd79 elementor-widget__width-initial elementor-widget elementor-widget-image\" data-id=\"1d6dd79\" data-element_type=\"widget\" data-e-type=\"widget\" data-widget_type=\"image.default\">\n\t\t\t\t<div class=\"elementor-widget-container\">\n\t\t\t\t\t\t\t\t\t\t\t\t\t\t\t\t<a href=\"https:\/\/escosystem.de\/\" target=\"_blank\">\n\t\t\t\t\t\t\t<img decoding=\"async\" src=\"https:\/\/www.fabularium-berlin.de\/wp-content\/uploads\/elementor\/thumbs\/EscosystemLogoBlack-qx1eq8dx3f4o46i3ax8lsv6jed94168cxtz1nbzsl0.png\" title=\"EscosystemLogoBlack\" alt=\"EscosystemLogoBlack\" loading=\"lazy\" \/>\t\t\t\t\t\t\t\t<\/a>\n\t\t\t\t\t\t\t\t\t\t\t\t\t\t\t<\/div>\n\t\t\t\t<\/div>\n\t\t\t\t<div class=\"elementor-element elementor-element-26219b0 elementor-widget__width-initial elementor-widget elementor-widget-image\" data-id=\"26219b0\" data-element_type=\"widget\" data-e-type=\"widget\" data-widget_type=\"image.default\">\n\t\t\t\t<div class=\"elementor-widget-container\">\n\t\t\t\t\t\t\t\t\t\t\t\t<figure class=\"wp-caption\">\n\t\t\t\t\t\t\t\t\t\t\t<a href=\"https:\/\/www.stegdesign.eu\/\" target=\"_blank\">\n\t\t\t\t\t\t\t<img decoding=\"async\" src=\"https:\/\/www.fabularium-berlin.de\/wp-content\/uploads\/elementor\/thumbs\/Steg_korlogo-blue-q1ux40fs9781qkjyhd66bia2427i4pkowk4ob8psvo.png\" title=\"Steg_korlogo-blue\" alt=\"Steg_korlogo-blue\" loading=\"lazy\" \/>\t\t\t\t\t\t\t\t<\/a>\n\t\t\t\t\t\t\t\t\t\t\t<figcaption class=\"widget-image-caption wp-caption-text\"><\/figcaption>\n\t\t\t\t\t\t\t\t\t\t<\/figure>\n\t\t\t\t\t\t\t\t\t<\/div>\n\t\t\t\t<\/div>\n\t\t\t\t<div class=\"elementor-element elementor-element-69eb07c elementor-widget__width-initial elementor-widget elementor-widget-image\" data-id=\"69eb07c\" data-element_type=\"widget\" data-e-type=\"widget\" data-widget_type=\"image.default\">\n\t\t\t\t<div class=\"elementor-widget-container\">\n\t\t\t\t\t\t\t\t\t\t\t\t\t\t\t\t<a href=\"https:\/\/sleeping-tiger.com\/\" target=\"_blank\">\n\t\t\t\t\t\t\t<img decoding=\"async\" src=\"https:\/\/www.fabularium-berlin.de\/wp-content\/uploads\/elementor\/thumbs\/sleeptiger-1-q1uwudlckho02vslrjwgc4ph3xfag5p3kd4pgo6qyc.png\" title=\"sleeptiger-1\" alt=\"sleeptiger-1\" loading=\"lazy\" \/>\t\t\t\t\t\t\t\t<\/a>\n\t\t\t\t\t\t\t\t\t\t\t\t\t\t\t<\/div>\n\t\t\t\t<\/div>\n\t\t\t\t\t<\/div>\n\t\t<\/div>\n\t\t\t\t\t<\/div>\n\t\t<\/section>\n\t\t\t\t<section class=\"elementor-section elementor-top-section elementor-element elementor-element-d72df0d elementor-section-stretched elementor-section-boxed elementor-section-height-default elementor-section-height-default\" data-id=\"d72df0d\" data-element_type=\"section\" data-e-type=\"section\" data-settings=\"{&quot;stretch_section&quot;:&quot;section-stretched&quot;}\">\n\t\t\t\t\t\t<div class=\"elementor-container elementor-column-gap-default\">\n\t\t\t\t\t<div class=\"elementor-column elementor-col-100 elementor-top-column elementor-element elementor-element-7e30276\" data-id=\"7e30276\" data-element_type=\"column\" data-e-type=\"column\">\n\t\t\t<div class=\"elementor-widget-wrap\">\n\t\t\t\t\t\t\t<\/div>\n\t\t<\/div>\n\t\t\t\t\t<\/div>\n\t\t<\/section>\n\t\t\t\t<\/div>","protected":false},"excerpt":{"rendered":"<p>Kdo jsme Spolek Fabularium byl zalo\u017een v Berl\u00edn\u011b roku 2020 jako kulturn\u00ed sdru\u017een\u00ed pro \u010desky mluv\u00edc\u00ed d\u011bti v N\u011bmecku. Na\u0161im posl\u00e1n\u00edm je udr\u017eovat a rozv\u00edjet \u010desk\u00fd jazyk a um\u011bleck\u00e9 dovednosti d\u011bt\u00ed do osmn\u00e1cti let a nab\u00edzet nejr\u016fzn\u011bj\u0161\u00ed kulturn\u00ed a v\u011bdecko-popul\u00e1rn\u00ed aktivity. v\u00edce o n\u00e1s AKCE v\u00edce akc\u00ed d\u00edlny Um\u011bleck\u00e9ho veden\u00ed workshop\u016f pro d\u011bti se ze [&hellip;]<\/p>\n","protected":false},"author":1,"featured_media":2681,"parent":0,"menu_order":0,"comment_status":"closed","ping_status":"closed","template":"","meta":{"inline_featured_image":false,"site-sidebar-layout":"no-sidebar","site-content-layout":"page-builder","ast-site-content-layout":"","site-content-style":"default","site-sidebar-style":"default","ast-global-header-display":"","ast-banner-title-visibility":"","ast-main-header-display":"","ast-hfb-above-header-display":"","ast-hfb-below-header-display":"","ast-hfb-mobile-header-display":"","site-post-title":"disabled","ast-breadcrumbs-content":"","ast-featured-img":"disabled","footer-sml-layout":"","theme-transparent-header-meta":"enabled","adv-header-id-meta":"","stick-header-meta":"","header-above-stick-meta":"","header-main-stick-meta":"","header-below-stick-meta":"","astra-migrate-meta-layouts":"default","ast-page-background-enabled":"default","ast-page-background-meta":{"desktop":{"background-color":"var(--ast-global-color-4)","background-image":"","background-repeat":"repeat","background-position":"center center","background-size":"auto","background-attachment":"scroll","background-type":"","background-media":"","overlay-type":"","overlay-color":"","overlay-gradient":""},"tablet":{"background-color":"","background-image":"","background-repeat":"repeat","background-position":"center center","background-size":"auto","background-attachment":"scroll","background-type":"","background-media":"","overlay-type":"","overlay-color":"","overlay-gradient":""},"mobile":{"background-color":"","background-image":"","background-repeat":"repeat","background-position":"center center","background-size":"auto","background-attachment":"scroll","background-type":"","background-media":"","overlay-type":"","overlay-color":"","overlay-gradient":""}},"ast-content-background-meta":{"desktop":{"background-color":"var(--ast-global-color-5)","background-image":"","background-repeat":"repeat","background-position":"center center","background-size":"auto","background-attachment":"scroll","background-type":"","background-media":"","overlay-type":"","overlay-color":"","overlay-gradient":""},"tablet":{"background-color":"var(--ast-global-color-5)","background-image":"","background-repeat":"repeat","background-position":"center center","background-size":"auto","background-attachment":"scroll","background-type":"","background-media":"","overlay-type":"","overlay-color":"","overlay-gradient":""},"mobile":{"background-color":"var(--ast-global-color-5)","background-image":"","background-repeat":"repeat","background-position":"center center","background-size":"auto","background-attachment":"scroll","background-type":"","background-media":"","overlay-type":"","overlay-color":"","overlay-gradient":""}},"footnotes":""},"class_list":["post-1448","page","type-page","status-publish","has-post-thumbnail","hentry"],"_links":{"self":[{"href":"https:\/\/www.fabularium-berlin.de\/de\/wp-json\/wp\/v2\/pages\/1448","targetHints":{"allow":["GET"]}}],"collection":[{"href":"https:\/\/www.fabularium-berlin.de\/de\/wp-json\/wp\/v2\/pages"}],"about":[{"href":"https:\/\/www.fabularium-berlin.de\/de\/wp-json\/wp\/v2\/types\/page"}],"author":[{"embeddable":true,"href":"https:\/\/www.fabularium-berlin.de\/de\/wp-json\/wp\/v2\/users\/1"}],"replies":[{"embeddable":true,"href":"https:\/\/www.fabularium-berlin.de\/de\/wp-json\/wp\/v2\/comments?post=1448"}],"version-history":[{"count":344,"href":"https:\/\/www.fabularium-berlin.de\/de\/wp-json\/wp\/v2\/pages\/1448\/revisions"}],"predecessor-version":[{"id":3702,"href":"https:\/\/www.fabularium-berlin.de\/de\/wp-json\/wp\/v2\/pages\/1448\/revisions\/3702"}],"wp:featuredmedia":[{"embeddable":true,"href":"https:\/\/www.fabularium-berlin.de\/de\/wp-json\/wp\/v2\/media\/2681"}],"wp:attachment":[{"href":"https:\/\/www.fabularium-berlin.de\/de\/wp-json\/wp\/v2\/media?parent=1448"}],"curies":[{"name":"wp","href":"https:\/\/api.w.org\/{rel}","templated":true}]}}